{"id":10366,"date":"2024-06-17T03:50:31","date_gmt":"2024-06-17T03:50:31","guid":{"rendered":"https:\/\/rollomax.at\/?post_type=product&#038;p=10366"},"modified":"2024-06-17T11:58:10","modified_gmt":"2024-06-17T11:58:10","slug":"gelenkarmmarkisen","status":"publish","type":"product","link":"https:\/\/rollomax.at\/de\/product\/gelenkarmmarkisen","title":{"rendered":"Gelenkarmmarkisen"},"content":{"rendered":"<div data-elementor-type=\"product-post\" data-elementor-id=\"10366\" class=\"elementor elementor-10366\" data-elementor-post-type=\"product\">\n\t\t\t\t<div class=\"elementor-element elementor-element-d025bc3 e-flex e-con-boxed e-con e-parent\" data-id=\"d025bc3\" data-element_type=\"container\">\n\t\t\t\t\t<div class=\"e-con-inner\">\n\t\t<div class=\"elementor-element elementor-element-c13d7d8 e-con-full e-flex e-con e-child\" data-id=\"c13d7d8\" data-element_type=\"container\">\n\t\t\t\t<div class=\"elementor-element elementor-element-33b6d8c elementor-widget elementor-widget-heading\" data-id=\"33b6d8c\" data-element_type=\"widget\" data-widget_type=\"heading.default\">\n\t\t\t\t<div class=\"elementor-widget-container\">\n\t\t\t<style>\/*! elementor - v3.22.0 - 26-06-2024 *\/\n.elementor-heading-title{padding:0;margin:0;line-height:1}.elementor-widget-heading .elementor-heading-title[class*=elementor-size-]>a{color:inherit;font-size:inherit;line-height:inherit}.elementor-widget-heading .elementor-heading-title.elementor-size-small{font-size:15px}.elementor-widget-heading .elementor-heading-title.elementor-size-medium{font-size:19px}.elementor-widget-heading .elementor-heading-title.elementor-size-large{font-size:29px}.elementor-widget-heading .elementor-heading-title.elementor-size-xl{font-size:39px}.elementor-widget-heading .elementor-heading-title.elementor-size-xxl{font-size:59px}<\/style><h2 class=\"elementor-heading-title elementor-size-default\">Markisen mit<br\/>\nbew\u00e4hrter\nTechnik<br\/>\nund schlanken Design<\/h2>\t\t<\/div>\n\t\t\t\t<\/div>\n\t\t\t\t<\/div>\n\t\t<div class=\"elementor-element elementor-element-7c8872d e-con-full e-flex e-con e-child\" data-id=\"7c8872d\" data-element_type=\"container\">\n\t\t\t\t<div class=\"elementor-element elementor-element-e9697bf elementor-widget elementor-widget-text-editor\" data-id=\"e9697bf\" data-element_type=\"widget\" data-widget_type=\"text-editor.default\">\n\t\t\t\t<div class=\"elementor-widget-container\">\n\t\t\t<style>\/*! elementor - v3.22.0 - 26-06-2024 *\/\n.elementor-widget-text-editor.elementor-drop-cap-view-stacked .elementor-drop-cap{background-color:#69727d;color:#fff}.elementor-widget-text-editor.elementor-drop-cap-view-framed .elementor-drop-cap{color:#69727d;border:3px solid;background-color:transparent}.elementor-widget-text-editor:not(.elementor-drop-cap-view-default) .elementor-drop-cap{margin-top:8px}.elementor-widget-text-editor:not(.elementor-drop-cap-view-default) .elementor-drop-cap-letter{width:1em;height:1em}.elementor-widget-text-editor .elementor-drop-cap{float:left;text-align:center;line-height:1;font-size:50px}.elementor-widget-text-editor .elementor-drop-cap-letter{display:inline-block}<\/style>\t\t\t\t<div class=\"left\">Offene Gelenkarmmarkisen werden vor allem f\u00fcr Bereiche verwendet, bei denen sich die geschlossene Markise in einem gesch\u00fctzten Bereich befindet, z.B. Dach\u00fcberstand. Das eingefahrene Tuch und die Technik (inklusive Gelenkarme) liegen offen und sind damit den Witterungsverh\u00e4ltnissen relativ ungesch\u00fctzt ausgesetzt.\u00a0 Der Volant ist bei offenen Gelenkarmmarkisen der einzige Blickschutz auf Technik und Arme, diese sind von unten immer sichtbar. Offene Gelenkarmmarkisen finden ihren klassischen Einsatz in gesch\u00fctzten Bereichen auf Balkon und Terrasse.\u00a0<\/div><div class=\"right\">\u00a0<\/div>\t\t\t\t\t\t<\/div>\n\t\t\t\t<\/div>\n\t\t\t\t<\/div>\n\t\t\t\t\t<\/div>\n\t\t\t\t<\/div>\n\t\t<div class=\"elementor-element elementor-element-4cf4b7d e-flex e-con-boxed e-con e-parent\" data-id=\"4cf4b7d\" data-element_type=\"container\" data-settings=\"{&quot;background_background&quot;:&quot;classic&quot;}\">\n\t\t\t\t\t<div class=\"e-con-inner\">\n\t\t<div class=\"elementor-element elementor-element-18a61ba e-con-full e-flex e-con e-child\" data-id=\"18a61ba\" data-element_type=\"container\">\n\t\t<div class=\"elementor-element elementor-element-daa55f6 e-con-full e-flex e-con e-child\" data-id=\"daa55f6\" data-element_type=\"container\" data-settings=\"{&quot;background_background&quot;:&quot;classic&quot;}\">\n\t\t\t\t<div class=\"elementor-element elementor-element-f64eb6a elementor-widget elementor-widget-image\" data-id=\"f64eb6a\" data-element_type=\"widget\" data-widget_type=\"image.default\">\n\t\t\t\t<div class=\"elementor-widget-container\">\n\t\t\t<style>\/*! elementor - v3.22.0 - 26-06-2024 *\/\n.elementor-widget-image{text-align:center}.elementor-widget-image a{display:inline-block}.elementor-widget-image a img[src$=\".svg\"]{width:48px}.elementor-widget-image img{vertical-align:middle;display:inline-block}<\/style>\t\t\t\t\t\t\t\t\t\t\t<a href=\"https:\/\/rollomax.at\/wp-content\/uploads\/2024\/06\/1_1_1_2_Gelenkarmmarkise-BS-D.jpg\" data-elementor-open-lightbox=\"yes\" data-elementor-lightbox-title=\"1_1_1_2_Gelenkarmmarkise-BS-D\" data-e-action-hash=\"#elementor-action%3Aaction%3Dlightbox%26settings%3DeyJpZCI6MTAzOTQsInVybCI6Imh0dHBzOlwvXC9yb2xsb21heC5hdFwvd3AtY29udGVudFwvdXBsb2Fkc1wvMjAyNFwvMDZcLzFfMV8xXzJfR2VsZW5rYXJtbWFya2lzZS1CUy1ELmpwZyJ9\">\n\t\t\t\t\t\t\t<img fetchpriority=\"high\" decoding=\"async\" width=\"434\" height=\"216\" src=\"https:\/\/rollomax.at\/wp-content\/uploads\/2024\/06\/1_1_1_2_Gelenkarmmarkise-BS-D.jpg\" class=\"attachment-large size-large wp-image-10394\" alt=\"\" srcset=\"https:\/\/rollomax.at\/wp-content\/uploads\/2024\/06\/1_1_1_2_Gelenkarmmarkise-BS-D.jpg 434w, https:\/\/rollomax.at\/wp-content\/uploads\/2024\/06\/1_1_1_2_Gelenkarmmarkise-BS-D-300x149.jpg 300w, https:\/\/rollomax.at\/wp-content\/uploads\/2024\/06\/1_1_1_2_Gelenkarmmarkise-BS-D-18x9.jpg 18w\" sizes=\"(max-width: 434px) 100vw, 434px\" \/>\t\t\t\t\t\t\t\t<\/a>\n\t\t\t\t\t\t\t\t\t\t\t\t\t<\/div>\n\t\t\t\t<\/div>\n\t\t\t\t<\/div>\n\t\t\t\t<\/div>\n\t\t<div class=\"elementor-element elementor-element-6c1ea9c e-con-full e-flex e-con e-child\" data-id=\"6c1ea9c\" data-element_type=\"container\">\n\t\t<div class=\"elementor-element elementor-element-320e69b e-con-full e-flex e-con e-child\" data-id=\"320e69b\" data-element_type=\"container\" data-settings=\"{&quot;background_background&quot;:&quot;classic&quot;}\">\n\t\t\t\t<div class=\"elementor-element elementor-element-376c15c elementor-widget-tablet__width-initial elementor-widget elementor-widget-text-editor\" data-id=\"376c15c\" data-element_type=\"widget\" data-widget_type=\"text-editor.default\">\n\t\t\t\t<div class=\"elementor-widget-container\">\n\t\t\t\t\t\t\t<h5>Eigenschaften<\/h5>\t\t\t\t\t\t<\/div>\n\t\t\t\t<\/div>\n\t\t\t\t<div class=\"elementor-element elementor-element-9c90419 elementor-widget elementor-widget-text-editor\" data-id=\"9c90419\" data-element_type=\"widget\" data-widget_type=\"text-editor.default\">\n\t\t\t\t<div class=\"elementor-widget-container\">\n\t\t\t\t\t\t\t<ul class=\"list-point\">\n \t<li>Schlichte, zeitlose Markise und empfehlenswert an \u00fcberdachten Bereichen<\/li>\n \t<li>Tuch, Technik und Gelenkarme liegen offen und sind der Witterung ausgesetzt<\/li>\n \t<li>Geeignet f\u00fcr gesch\u00fctzte Bereich auf Balkon, Dach\u00fcberstand und Terrasse<\/li>\n \t<li>Mit Volant und optionales Regenschutzdach als Schutz<\/li>\n \t<li>Vielzahl von Funktionalit\u00e4ten der Markise<\/li>\n<\/ul>\t\t\t\t\t\t<\/div>\n\t\t\t\t<\/div>\n\t\t\t\t<\/div>\n\t\t\t\t<\/div>\n\t\t\t\t\t<\/div>\n\t\t\t\t<\/div>\n\t\t<div class=\"elementor-element elementor-element-68daab9 e-flex e-con-boxed e-con e-parent\" data-id=\"68daab9\" data-element_type=\"container\">\n\t\t\t\t\t<div class=\"e-con-inner\">\n\t\t<div class=\"elementor-element elementor-element-e5e8ba5 e-con-full e-flex e-con e-child\" data-id=\"e5e8ba5\" data-element_type=\"container\">\n\t\t\t\t<div class=\"elementor-element elementor-element-c0e161b elementor-widget-tablet__width-initial elementor-widget elementor-widget-text-editor\" data-id=\"c0e161b\" data-element_type=\"widget\" data-widget_type=\"text-editor.default\">\n\t\t\t\t<div class=\"elementor-widget-container\">\n\t\t\t\t\t\t\t<h5>MODELLE<br \/>OFFENE GELENKARMMARKISEN<\/h5>\t\t\t\t\t\t<\/div>\n\t\t\t\t<\/div>\n\t\t\t\t<\/div>\n\t\t\t\t\t<\/div>\n\t\t\t\t<\/div>\n\t\t<div class=\"elementor-element elementor-element-b4bfd88 e-flex e-con-boxed e-con e-parent\" data-id=\"b4bfd88\" data-element_type=\"container\" data-settings=\"{&quot;background_background&quot;:&quot;classic&quot;}\">\n\t\t\t\t\t<div class=\"e-con-inner\">\n\t\t<div class=\"elementor-element elementor-element-021a376 e-con-full e-flex e-con e-child\" data-id=\"021a376\" data-element_type=\"container\" data-settings=\"{&quot;background_background&quot;:&quot;classic&quot;}\">\n\t\t\t\t<div class=\"elementor-element elementor-element-1c4a6d2 elementor-widget elementor-widget-image\" data-id=\"1c4a6d2\" data-element_type=\"widget\" data-widget_type=\"image.default\">\n\t\t\t\t<div class=\"elementor-widget-container\">\n\t\t\t\t\t\t\t\t\t\t\t\t\t\t<a href=\"https:\/\/www.erhardt-markisen.de\/wp-content\/uploads\/Produkte_Kategorie-s21.jpg\" data-elementor-open-lightbox=\"yes\" data-e-action-hash=\"#elementor-action%3Aaction%3Dlightbox%26settings%3DW10%3D\">\n\t\t\t\t\t\t\t<img decoding=\"async\" src=\"https:\/\/www.erhardt-markisen.de\/wp-content\/uploads\/Produkte_Kategorie-s21.jpg\" title=\"\" alt=\"\" loading=\"lazy\" \/>\t\t\t\t\t\t\t\t<\/a>\n\t\t\t\t\t\t\t\t\t\t\t\t\t<\/div>\n\t\t\t\t<\/div>\n\t\t\t\t<div class=\"elementor-element elementor-element-6fe0bd9 elementor-widget elementor-widget-text-editor\" data-id=\"6fe0bd9\" data-element_type=\"widget\" data-widget_type=\"text-editor.default\">\n\t\t\t\t<div class=\"elementor-widget-container\">\n\t\t\t\t\t\t\t<h6>ERHARDT S<\/h6>\n<ul>\n \t<li>Maximalma\u00dfe:\n600 x 300 cm (Breite x Ausfall)<\/li>\n \t<li>optional mit Regenschutzdach<\/li>\n \t<li>Tuch und Technik liegen offen<\/li>\n<\/ul>\n\t\t\t\t\t\t<\/div>\n\t\t\t\t<\/div>\n\t\t\t\t<div class=\"elementor-element elementor-element-468ec96 elementor-align-left elementor-widget__width-initial elementor-widget elementor-widget-button\" data-id=\"468ec96\" data-element_type=\"widget\" data-widget_type=\"button.default\">\n\t\t\t\t<div class=\"elementor-widget-container\">\n\t\t\t\t\t<div class=\"elementor-button-wrapper\">\n\t\t\t<a class=\"elementor-button elementor-button-link elementor-size-sm\" href=\"https:\/\/www.erhardt-markisen.de\/wp-content\/uploads\/dokumente\/erhardt-s-endkundenprospsekt_01_2024_deutsch.pdf\">\n\t\t\t\t\t\t<span class=\"elementor-button-content-wrapper\">\n\t\t\t\t\t\t\t\t\t<span class=\"elementor-button-text\">Prospekt (PDF)<\/span>\n\t\t\t\t\t<\/span>\n\t\t\t\t\t<\/a>\n\t\t<\/div>\n\t\t\t\t<\/div>\n\t\t\t\t<\/div>\n\t\t\t\t<\/div>\n\t\t<div class=\"elementor-element elementor-element-0e3b1b6 e-con-full e-flex e-con e-child\" data-id=\"0e3b1b6\" data-element_type=\"container\" data-settings=\"{&quot;background_background&quot;:&quot;classic&quot;}\">\n\t\t\t\t<div class=\"elementor-element elementor-element-ab5cede elementor-widget elementor-widget-image\" data-id=\"ab5cede\" data-element_type=\"widget\" data-widget_type=\"image.default\">\n\t\t\t\t<div class=\"elementor-widget-container\">\n\t\t\t\t\t\t\t\t\t\t\t\t\t\t<a href=\"https:\/\/www.erhardt-markisen.de\/wp-content\/uploads\/produkte_kategorie-bs.jpg\" data-elementor-open-lightbox=\"yes\" data-e-action-hash=\"#elementor-action%3Aaction%3Dlightbox%26settings%3DW10%3D\">\n\t\t\t\t\t\t\t<img decoding=\"async\" src=\"https:\/\/www.erhardt-markisen.de\/wp-content\/uploads\/produkte_kategorie-bs.jpg\" title=\"\" alt=\"\" loading=\"lazy\" \/>\t\t\t\t\t\t\t\t<\/a>\n\t\t\t\t\t\t\t\t\t\t\t\t\t<\/div>\n\t\t\t\t<\/div>\n\t\t\t\t<div class=\"elementor-element elementor-element-47a0140 elementor-widget elementor-widget-text-editor\" data-id=\"47a0140\" data-element_type=\"widget\" data-widget_type=\"text-editor.default\">\n\t\t\t\t<div class=\"elementor-widget-container\">\n\t\t\t\t\t\t\t<h6>ERHARDT BS<\/h6>\n<ul>\n \t<li>Maximalma\u00dfe:\n700 x 400 (Breite x Ausfall)<\/li>\n \t<li>serienm\u00e4\u00dfig mit Volant oder als \u00bbDeluxe\u00ab Ausf\u00fchrung mit Design-Ausfallprofil<\/li>\n \t<li>mit Variovolant erh\u00e4ltlich<\/li>\n<\/ul>\t\t\t\t\t\t<\/div>\n\t\t\t\t<\/div>\n\t\t\t\t<div class=\"elementor-element elementor-element-275a8f3 elementor-align-left elementor-widget__width-initial elementor-widget elementor-widget-button\" data-id=\"275a8f3\" data-element_type=\"widget\" data-widget_type=\"button.default\">\n\t\t\t\t<div class=\"elementor-widget-container\">\n\t\t\t\t\t<div class=\"elementor-button-wrapper\">\n\t\t\t<a class=\"elementor-button elementor-button-link elementor-size-sm\" href=\"https:\/\/www.erhardt-markisen.de\/wp-content\/uploads\/dokumente\/erhardt-bs-endkundenprospekt_01_2024_deutsch.pdf\">\n\t\t\t\t\t\t<span class=\"elementor-button-content-wrapper\">\n\t\t\t\t\t\t\t\t\t<span class=\"elementor-button-text\">Prospekt (PDF)<\/span>\n\t\t\t\t\t<\/span>\n\t\t\t\t\t<\/a>\n\t\t<\/div>\n\t\t\t\t<\/div>\n\t\t\t\t<\/div>\n\t\t\t\t<\/div>\n\t\t<div class=\"elementor-element elementor-element-2fc189f e-con-full e-flex e-con e-child\" data-id=\"2fc189f\" data-element_type=\"container\" data-settings=\"{&quot;background_background&quot;:&quot;classic&quot;}\">\n\t\t\t\t<div class=\"elementor-element elementor-element-207172f elementor-widget elementor-widget-image\" data-id=\"207172f\" data-element_type=\"widget\" data-widget_type=\"image.default\">\n\t\t\t\t<div class=\"elementor-widget-container\">\n\t\t\t\t\t\t\t\t\t\t\t\t\t\t<a href=\"https:\/\/www.erhardt-markisen.de\/wp-content\/uploads\/produkte_kategorie-bs-d.jpg\" data-elementor-open-lightbox=\"yes\" data-e-action-hash=\"#elementor-action%3Aaction%3Dlightbox%26settings%3DW10%3D\">\n\t\t\t\t\t\t\t<img decoding=\"async\" src=\"https:\/\/www.erhardt-markisen.de\/wp-content\/uploads\/produkte_kategorie-bs-d.jpg\" title=\"\" alt=\"\" loading=\"lazy\" \/>\t\t\t\t\t\t\t\t<\/a>\n\t\t\t\t\t\t\t\t\t\t\t\t\t<\/div>\n\t\t\t\t<\/div>\n\t\t\t\t<div class=\"elementor-element elementor-element-ab71fc2 elementor-widget elementor-widget-text-editor\" data-id=\"ab71fc2\" data-element_type=\"widget\" data-widget_type=\"text-editor.default\">\n\t\t\t\t<div class=\"elementor-widget-container\">\n\t\t\t\t\t\t\t<h6>ERHARDT BS-D<\/h6>\n<ul>\n \t<li>Maximalma\u00dfe:\n700 x 400 cm (Breite x Ausfall)<\/li>\n \t<li>serienm\u00e4\u00dfig mit Volant oder als \u00bbDeluxe\u00ab Ausf\u00fchrung mit Design<\/li>\n \t<li>mit Regenschutzdach<\/li>\n \t<li>mit Variovolant erh\u00e4ltlich<\/li>\n<\/ul>\t\t\t\t\t\t<\/div>\n\t\t\t\t<\/div>\n\t\t\t\t<div class=\"elementor-element elementor-element-08cb51f elementor-align-left elementor-widget__width-initial elementor-widget elementor-widget-button\" data-id=\"08cb51f\" data-element_type=\"widget\" data-widget_type=\"button.default\">\n\t\t\t\t<div class=\"elementor-widget-container\">\n\t\t\t\t\t<div class=\"elementor-button-wrapper\">\n\t\t\t<a class=\"elementor-button elementor-button-link elementor-size-sm\" href=\"https:\/\/www.erhardt-markisen.de\/wp-content\/uploads\/dokumente\/erhardt-bs-endkundenprospekt_01_2024_deutsch.pdf\">\n\t\t\t\t\t\t<span class=\"elementor-button-content-wrapper\">\n\t\t\t\t\t\t\t\t\t<span class=\"elementor-button-text\">Prospekt (PDF)<\/span>\n\t\t\t\t\t<\/span>\n\t\t\t\t\t<\/a>\n\t\t<\/div>\n\t\t\t\t<\/div>\n\t\t\t\t<\/div>\n\t\t\t\t<\/div>\n\t\t\t\t\t<\/div>\n\t\t\t\t<\/div>\n\t\t<div class=\"elementor-element elementor-element-b614e2d e-flex e-con-boxed e-con e-parent\" data-id=\"b614e2d\" data-element_type=\"container\" data-settings=\"{&quot;background_background&quot;:&quot;classic&quot;}\">\n\t\t\t\t\t<div class=\"e-con-inner\">\n\t\t<div class=\"elementor-element elementor-element-bb7423c e-con-full e-flex e-con e-child\" data-id=\"bb7423c\" data-element_type=\"container\">\n\t\t<div class=\"elementor-element elementor-element-2295145 e-con-full e-flex e-con e-child\" data-id=\"2295145\" data-element_type=\"container\" data-settings=\"{&quot;background_background&quot;:&quot;classic&quot;}\">\n\t\t\t\t<div class=\"elementor-element elementor-element-484cdba elementor-widget-tablet__width-initial elementor-widget elementor-widget-text-editor\" data-id=\"484cdba\" data-element_type=\"widget\" data-widget_type=\"text-editor.default\">\n\t\t\t\t<div class=\"elementor-widget-container\">\n\t\t\t\t\t\t\t<h5>ZUBEH\u00d6R<\/h5>\t\t\t\t\t\t<\/div>\n\t\t\t\t<\/div>\n\t\t\t\t<div class=\"elementor-element elementor-element-862dd52 elementor-widget elementor-widget-text-editor\" data-id=\"862dd52\" data-element_type=\"widget\" data-widget_type=\"text-editor.default\">\n\t\t\t\t<div class=\"elementor-widget-container\">\n\t\t\t\t\t\t\t<ul class=\"list-point\"><li>Motor (optional mit Funk-Fernbedienung)<\/li><li>Windautomatik \/ Sonnenautomatik<\/li><li>Funk-Schwingungssensor<\/li><li>Beleuchtung mit Lichtschiene (optional dimmbar)<\/li><li>Infrarot-Heizstrahler (inklusive Funkdimmer)<\/li><li>Variomatic-Getriebe<\/li><li>Regenschutzdach<\/li><\/ul>\t\t\t\t\t\t<\/div>\n\t\t\t\t<\/div>\n\t\t\t\t<\/div>\n\t\t<div class=\"elementor-element elementor-element-962759f e-con-full e-flex e-con e-child\" data-id=\"962759f\" data-element_type=\"container\" data-settings=\"{&quot;background_background&quot;:&quot;classic&quot;}\">\n\t\t\t\t<div class=\"elementor-element elementor-element-5046142 elementor-widget-tablet__width-initial elementor-widget elementor-widget-text-editor\" data-id=\"5046142\" data-element_type=\"widget\" data-widget_type=\"text-editor.default\">\n\t\t\t\t<div class=\"elementor-widget-container\">\n\t\t\t\t\t\t\t<h5>Ausstattungsempfehlung<\/h5>\t\t\t\t\t\t<\/div>\n\t\t\t\t<\/div>\n\t\t\t\t<div class=\"elementor-element elementor-element-a4fe16c elementor-widget elementor-widget-text-editor\" data-id=\"a4fe16c\" data-element_type=\"widget\" data-widget_type=\"text-editor.default\">\n\t\t\t\t<div class=\"elementor-widget-container\">\n\t\t\t\t\t\t\t\nWir empfehlen f\u00fcr maximalen Bedienkomfort einen Funkmotor mit Funkbedienung. F\u00fcr mehr Sicherheit sorgt der Schwingungssensor, der bei starkem Wind selbstst\u00e4ndig die Markise schlie\u00dft.\n\n\t\t\t\t\t\t<\/div>\n\t\t\t\t<\/div>\n\t\t\t\t<\/div>\n\t\t\t\t<\/div>\n\t\t\t\t\t<\/div>\n\t\t\t\t<\/div>\n\t\t\t\t<\/div>","protected":false},"excerpt":{"rendered":"<p>ANGEBOT &#8211; GRATIS Windsensor!<br \/>\nDabei sparen Sie 270 Euro.\u00a0 Das Angebot ist g\u00fcltig solange der Vorrat reicht.<\/p>","protected":false},"featured_media":5737,"template":"","meta":[],"product_cat":[27],"product_tag":[220,219],"class_list":{"0":"post-10366","1":"product","2":"type-product","3":"status-publish","4":"has-post-thumbnail","6":"product_cat-markisen","7":"product_tag-alem","8":"product_tag-markise_new","10":"first","11":"instock","12":"shipping-taxable","13":"purchasable","14":"product-type-simple"},"_links":{"self":[{"href":"https:\/\/rollomax.at\/de\/wp-json\/wp\/v2\/product\/10366","targetHints":{"allow":["GET"]}}],"collection":[{"href":"https:\/\/rollomax.at\/de\/wp-json\/wp\/v2\/product"}],"about":[{"href":"https:\/\/rollomax.at\/de\/wp-json\/wp\/v2\/types\/product"}],"version-history":[{"count":214,"href":"https:\/\/rollomax.at\/de\/wp-json\/wp\/v2\/product\/10366\/revisions"}],"predecessor-version":[{"id":10845,"href":"https:\/\/rollomax.at\/de\/wp-json\/wp\/v2\/product\/10366\/revisions\/10845"}],"wp:featuredmedia":[{"embeddable":true,"href":"https:\/\/rollomax.at\/de\/wp-json\/wp\/v2\/media\/5737"}],"wp:attachment":[{"href":"https:\/\/rollomax.at\/de\/wp-json\/wp\/v2\/media?parent=10366"}],"wp:term":[{"taxonomy":"product_cat","embeddable":true,"href":"https:\/\/rollomax.at\/de\/wp-json\/wp\/v2\/product_cat?post=10366"},{"taxonomy":"product_tag","embeddable":true,"href":"https:\/\/rollomax.at\/de\/wp-json\/wp\/v2\/product_tag?post=10366"}],"curies":[{"name":"wp","href":"https:\/\/api.w.org\/{rel}","templated":true}]}}